{"version":"1.0","provider_name":"RallyCaf\u00e9Magazin","provider_url":"https:\/\/rally.cafeblog.hu","author_name":"RealSimonSays","author_url":"https:\/\/rally.cafeblog.hu\/author\/realsimonsays\/","title":"DTM: \u00dajabb Mercedes-pole Spielbergben","html":"<p style=\"margin-bottom: 0cm\"><span style=\"font-family: Georgia,serif\"><span style=\"font-size: small\"><b>Robert Wickens idei m\u00e1sodik edz\u00e9sels\u0151s\u00e9g\u00e9t k\u00f6nyvelhette el a Red Bull Ringen, miut\u00e1n utols\u00f3 k\u00f6r\u00e9ben 6 ezreddel megverte Timo Glockot. A kanadai m\u00f6g\u00fcl h\u00e1rom BMW-pil\u00f3ta rajtolhat, Pascal Wehrlein \u00f6t\u00f6dik helye pedig al\u00e1t\u00e1masztja, hogy a Mercedes mag\u00e1ra tal\u00e1lt. A legjobb Audi-pil\u00f3ta, Jamie Green a hatodik rajtkock\u00e1t szerezte meg. <\/b><\/span><\/span><\/p>\r\n\r\n\r\n[caption id=\"attachment_1240\" align=\"aligncenter\" width=\"600\"]<a href=\"https:\/\/rally.cafeblog.hu\/files\/2014\/08\/Wickens-DTM-Austria_r1200.jpg\"><img class=\"size-large wp-image-1240\" src=\"https:\/\/rally.cafeblog.hu\/files\/2014\/08\/Wickens-DTM-Austria_r1200-600x400.jpg\" alt=\"Felt\u00e1madt a Mercedes: Wickens a Norisring ut\u00e1n Spielbergben sz\u00e1razon is megszerezte a pole-t\" width=\"600\" height=\"400\" \/><\/a> Felt\u00e1madt a Mercedes: Wickens a norisringi es\u0151 ut\u00e1n Spielbergben sz\u00e1razon is megszerezte a pole-t[\/caption]\r\n<p style=\"margin-bottom: 0cm;font-weight: normal\"><span style=\"font-family: Georgia,serif\"><span style=\"font-size: small\">Az Audi \u00e9s a BMW vezet\u0151i m\u00e1r b\u00e1nhatj\u00e1k, hogy beleegyeztek a N\u00e9met T\u00faraaut\u00f3 Bajnoks\u00e1got rendez\u0151 ITR k\u00e9r\u00e9s\u00e9be, amely a versenyk\u00e9pess\u00e9g n\u00f6vel\u00e9se \u00e9rdek\u00e9ben technikai m\u00f3dos\u00edt\u00e1sokat enged\u00e9lyezett a Mercedesnek. A Red Bull Ringen ugyanis <strong>Robert Wickens<\/strong> \u2013 ha csak 6 ezreddel is \u2013 <strong>megverte a BMW legjobbjait<\/strong>, ezzel a Norisring ut\u00e1n megszerezte idei m\u00e1sodik pole poz\u00edci\u00f3j\u00e1t.<\/span><\/span><\/p>\r\n\r\n\r\n[caption id=\"attachment_1236\" align=\"aligncenter\" width=\"600\"]<a href=\"https:\/\/rally.cafeblog.hu\/files\/2014\/08\/BMW-Ausztria-Glock-res1200.jpg\"><img class=\"size-large wp-image-1236\" src=\"https:\/\/rally.cafeblog.hu\/files\/2014\/08\/BMW-Ausztria-Glock-res1200-600x400.jpg\" alt=\"Timo Glock 6 ezredm\u00e1sodperccel cs\u00faszott le a pole poz\u00edci\u00f3r\u00f3l\" width=\"600\" height=\"400\" \/><\/a> Timo Glock (BMW) 6 ezredm\u00e1sodperccel cs\u00faszott le a pole poz\u00edci\u00f3r\u00f3l[\/caption]\r\n<p style=\"margin-bottom: 0cm;font-weight: normal\"><em>\u201e<\/em><span style=\"font-family: Georgia,serif\"><span style=\"font-size: small\"><em>Nagyon \u00f6r\u00fcl\u00f6k az els\u0151 helynek, j\u00f3l ment a Mercedes. A versenyen sok minden megt\u00f6rt\u00e9nhet, f\u0151leg ilyen v\u00e1ltoz\u00e9kony id\u0151j\u00e1r\u00e1s mellett, amit m\u00e1r megtapasztaltunk ezen a h\u00e9tv\u00e9g\u00e9n. B\u00edzom benne, hogy egy j\u00f3 rajt ut\u00e1n az \u00e9lmez\u0151nyben tudok maradni \u00e9s begy\u0171jt\u00f6k majd n\u00e9h\u00e1ny pontot\u201c<\/em> \u2013 mondta es\u00e9lyeir\u0151l a 25 \u00e9ves kanadai versenyz\u0151. <\/span><\/span><\/p>\r\n\r\n\r\n[caption id=\"attachment_1238\" align=\"aligncenter\" width=\"600\"]<a href=\"https:\/\/rally.cafeblog.hu\/files\/2014\/08\/BMW-Ausztria_Farfus.jpg\"><img class=\"size-large wp-image-1238\" src=\"https:\/\/rally.cafeblog.hu\/files\/2014\/08\/BMW-Ausztria_Farfus-600x400.jpg\" alt=\"Farfus kezd mag\u00e1ra tal\u00e1lni a szezon m\u00e1sodik fel\u00e9ben. A BMW uralta az edz\u00e9seket a Red Bull Ringen\" width=\"600\" height=\"400\" \/><\/a> Farfus kezd mag\u00e1ra tal\u00e1lni a szezon m\u00e1sodik fel\u00e9ben. A BMW uralta az edz\u00e9seket a Red Bull Ringen[\/caption]\r\n<p style=\"margin-bottom: 0cm\"><span style=\"font-family: Georgia,serif\"><span style=\"font-size: small\"><strong>Timo Glock<\/strong> az id\u0151m\u00e9r\u0151 edz\u00e9s utols\u00f3 m\u00e1sodperceiben szorult le a m\u00e1sodik helyre, m\u00f6g\u00f6tte m\u00e1rkat\u00e1rsai, a bajnoki \u00e9llovas <strong>Marco Wittman<\/strong>n \u00e9s <strong>Augusto Farfus<\/strong> v\u00e9geztek. Pascal Wehrlein \u00f6t\u00f6dik, illetve Christian Vietoris hetedik helye a Mercedes egyenletes formajavul\u00e1s\u00e1t mutatja, a csillagosok most m\u00e1r sz\u00e1raz p\u00e1ly\u00e1n, ki\u00e9lezett helyzetben is fel tudj\u00e1k venni a versenyt a BMW-kkel, Audikkal.<\/span><\/span><\/p>\r\n\r\n\r\n[caption id=\"attachment_1235\" align=\"aligncenter\" width=\"600\"]<a href=\"https:\/\/rally.cafeblog.hu\/files\/2014\/08\/Audi-Spielberg-Green2.jpg\"><img class=\"size-large wp-image-1235\" src=\"https:\/\/rally.cafeblog.hu\/files\/2014\/08\/Audi-Spielberg-Green2-600x400.jpg\" alt=\"Az Audi legjobbja, Jamie Green a 6. rajtkock\u00e1t tudta megszerezni\" width=\"600\" height=\"400\" \/><\/a> Az Audi legjobbja, Jamie Green a 6. rajtkock\u00e1t tudta megszerezni[\/caption]\r\n<p style=\"margin-bottom: 0cm\"><span style=\"font-family: Georgia,serif\"><span style=\"font-size: small\">Az Audi szempontj\u00e1b\u00f3l egy\u00e9bk\u00e9nt kifejezetten rosszul siker\u00fclt az id\u0151m\u00e9r\u0151 edz\u00e9s. <strong>Jamie Green<\/strong> a hatodik rajtkock\u00e1t tudta megszerezni az RS5 DTM-mel, de \u0151 volt az egyetlen az ingolstadti armad\u00e1b\u00f3l, aki be tudott ker\u00fclni a top 10-be.<em> <em>\u201e<\/em>Ez a szerepl\u00e9s meglepet\u00e9s az Audi szempontj\u00e1b\u00f3l. Kevesebb, mint egy tizeddel maradtam le a pole poz\u00edci\u00f3r\u00f3l, azt hiszem, el\u00e9g j\u00f3 munk\u00e1t v\u00e9geztem, ahogy a csapat is az aut\u00f3m be\u00e1ll\u00edt\u00e1s\u00e1val. Nagyon furcsa: az \u00f6sszes csapatt\u00e1rsam szenvedett, mik\u00f6zben sz\u00e1momra m\u00e9g a pole is el\u00e9rhet\u0151 volt. A hatodik rajthelyr\u0151l indulva ak\u00e1r a gy\u0151zelem is meglehet, \u00fagyhogy optimista vagyok\"<\/em> - \u00e9rt\u00e9kelt Green.\r\n<\/span><\/span><\/p>\r\n<p style=\"margin-bottom: 0cm\"><span style=\"font-family: Georgia,serif\"><span style=\"font-size: small\">Koll\u00e9g\u00e1i k\u00f6z\u00fcl <strong>Mike Rockenfeller<\/strong> (a bajnoki c\u00edmv\u00e9d\u0151) a 14., <strong>Mattias Ekstr\u00f6m<\/strong> a 16. helyen v\u00e9gzett az id\u0151m\u00e9r\u0151n, a bajnoks\u00e1g nyolcadik hely\u00e9n \u00e1ll\u00f3 <strong>Adrien Tambay<\/strong> pedig csak a 20. rajtr\u00e1csr\u00f3l indulhat vas\u00e1rnap. <\/span><\/span><\/p>\r\n\r\n\r\n[caption id=\"attachment_1239\" align=\"aligncenter\" width=\"600\"]<a href=\"https:\/\/rally.cafeblog.hu\/files\/2014\/08\/Wehrlein-DTM-Austria_r1200.jpg\"><img class=\"size-large wp-image-1239\" src=\"https:\/\/rally.cafeblog.hu\/files\/2014\/08\/Wehrlein-DTM-Austria_r1200-600x400.jpg\" alt=\"Wehrlein \u00f6t\u00f6dik edz\u00e9sideje is a Mercedes felt\u00e1mad\u00e1s\u00e1t t\u00e1masztja al\u00e1\" width=\"600\" height=\"400\" \/><\/a> Wehrlein \u00f6t\u00f6dik edz\u00e9sideje is a Mercedes felt\u00e1mad\u00e1s\u00e1t t\u00e1masztja al\u00e1[\/caption]\r\n<p style=\"margin-bottom: 0cm\"><span style=\"font-family: Georgia,serif\"><span style=\"font-size: small\"><b>DTM \u2013 Red Bull Ring, Spielberg\r\n<\/b>A rajtsorrend: <\/span><\/span><\/p>\r\n<p style=\"margin-bottom: 0cm\"><span style=\"font-family: Georgia,serif\"><span style=\"font-size: small\">1. WICKENS (CDN) Mercedes AMG C-Klasse 1:25,175\r\n2. GLOCK (D) BMW M4 DTM\u00a0\u00a0\u00a0\u00a0\u00a0\u00a0\u00a0\u00a0\u00a0\u00a0\u00a0\u00a0\u00a0\u00a0\u00a0\u00a0\u00a0\u00a0\u00a0\u00a0\u00a0\u00a0\u00a0\u00a0\u00a0\u00a0\u00a0 1:25,181\r\n3. WITTMANN (D) BMW M4 DTM\u00a0\u00a0\u00a0\u00a0\u00a0\u00a0\u00a0\u00a0\u00a0\u00a0\u00a0\u00a0\u00a0\u00a0\u00a0\u00a0\u00a0 1:25,228\r\n4. FARFUS (BRA) BMW M4 DTM \u00a0 \u00a0 \u00a0 \u00a0 \u00a0 \u00a0 \u00a0 \u00a0 \u00a0 \u00a0 1:25,237\r\n5. WEHRLEIN (D) Mercedes AMG C-Klasse\u00a0 1:25,246\r\n6. GREEN (GB) Audi RS5 DTM\u00a0\u00a0\u00a0\u00a0\u00a0\u00a0\u00a0\u00a0\u00a0\u00a0\u00a0\u00a0\u00a0\u00a0\u00a0\u00a0\u00a0\u00a0\u00a0\u00a0\u00a0\u00a0\u00a0\u00a0 1:25,266\r\n7. VIETORIS (D) Mercedes AMG C-Klasse\u00a0\u00a0\u00a0\u00a0 1:25,362\r\n8. MARTIN (BEL) BMW M4 DTM\u00a0\u00a0\u00a0\u00a0\u00a0\u00a0\u00a0\u00a0\u00a0\u00a0\u00a0\u00a0\u00a0\u00a0\u00a0\u00a0\u00a0\u00a0\u00a0 1:25,424\r\n9. HAND (USA) BMW M4 DTM\u00a0\u00a0\u00a0\u00a0\u00a0\u00a0\u00a0\u00a0\u00a0\u00a0\u00a0\u00a0\u00a0\u00a0\u00a0\u00a0\u00a0\u00a0\u00a0\u00a0\u00a0\u00a0\u00a0 1:25,259\r\n10. SPENGLER (CDN) BMW M4 DTM\u00a0\u00a0\u00a0\u00a0\u00a0\u00a0\u00a0\u00a0\u00a0\u00a0\u00a0 1:25,309<\/span><\/span><\/p>","type":"rich","thumbnail_url":"https:\/\/rally.cafeblog.hu\/files\/2014\/08\/Wehrlein-DTM-Austria_r1200-150x150.jpg","thumbnail_width":150,"thumbnail_height":150}